{"id":62064,"date":"2019-01-23T15:01:09","date_gmt":"2019-01-23T14:01:09","guid":{"rendered":"http:\/\/www.il-libro.it\/?page_id=62064"},"modified":"2019-05-10T11:10:16","modified_gmt":"2019-05-10T09:10:16","slug":"escuelas-y-profesores","status":"publish","type":"page","link":"https:\/\/www.il-libro.it\/es\/escuelas-y-profesores\/","title":{"rendered":"ESCUELAS Y PROFESORES"},"content":{"rendered":"<p>[vc_row full_width=\u00bbstretch_row_content_no_spaces\u00bb][vc_column][vc_raw_html]JTNDc2VjdGlvbiUyMGNsYXNzJTNEJTIyaGVhZGVyLXBhZ2UlMjBibG9nLWhlYWRlci1ncmlkJTIyJTIwc3R5bGUlM0QlMjJiYWNrZ3JvdW5kLWltYWdlJTNBJTIwdXJsJTI4aHR0cHMlM0ElMkYlMkZzdGF0aWMucGV4ZWxzLmNvbSUyRnBob3RvcyUyRjI0Nzg5OSUyRnBleGVscy1waG90by0yNDc4OTkuanBlZyUyOSUyMiUzRSUwQSUwOSUzQ2RpdiUyMGNsYXNzJTNEJTIyY29udGFpbmVyJTIyJTNFJTBBJTA5JTA5JTNDc3BhbiUyMGNsYXNzJTNEJTIydGl0bGUtcGFnZSUyMiUzRUVzY3VlbGFzJTIwLSUyMFByb2Zlc29yZXMlM0MlMkZzcGFuJTNFJTBBJTA5JTNDJTJGZGl2JTNFJTBBJTNDJTJGc2VjdGlvbiUzRQ==[\/vc_raw_html][\/vc_column][\/vc_row][vc_row full_width=\u00bbstretch_row_content_no_spaces_content\u00bb][vc_column][vc_column_text]Desde hace 30 a\u00f1os la librer\u00eda il libro es el COMPA\u00d1ERO privilegiado de los PROFESORES DE LENGUA, disponiendo de una amplia gama de textos para el aprendizaje de lenguas.<\/p>\n<p>Nacida como librer\u00eda alemana, il libro, con el tiempo se ha desarrollado y especializado en el aprendizaje de diversas lenguas. Inicialmente las m\u00e1s cl\u00e1sicas, como alem\u00e1n, ingl\u00e9s, espa\u00f1ol, franc\u00e9s, italiano para extranjeros; sucesivamente a\u00f1adiendo tambi\u00e9n portugu\u00e9s, ruso, chino, \u00e1rabe, polaco, etc.<\/p>\n<p>El cat\u00e1logo propone una amplia selecci\u00f3n de materiales y soportes para la ense\u00f1anza y aprendizaje de los diversos idiomas tanto en formato cl\u00e1sico como autodidacta. La oferta para adultos y ni\u00f1os presenta aproximaciones ling\u00fc\u00edsticas que fundan diversas disciplinas como por ejemplo la sociedad, la historia del arte, la literatura , la cinematograf\u00eda, la cocina.<\/p>\n<p>Los cursos pueden tener caracter\u00edsticas generales o bien dedicados a sectores especializados como negocios, jur\u00eddico, etc.<\/p>\n<p>Aparte de los cursos tradicionales de lengua, el CAT\u00c1LOGO comprende:<\/p>\n<ul>\n<li>Diccionarios monoling\u00fces y biling\u00fces<\/li>\n<li>\u00a0Manuales especializados que observan la capacidad escrita y<br \/>\noral y la pronunciaci\u00f3n<\/li>\n<li>\u00a0Materiales did\u00e1cticos dirigidos a los profesores<\/li>\n<li>\u00a0Juegos<\/li>\n<li>\u00a0Lecturas simplificadas graduales con o sin CD<\/li>\n<li>\u00a0Revistas y periodicos internacionales<\/li>\n<li>\u00a0Libros en lenguas extranjeras e libri con texto a fronte<\/li>\n<\/ul>\n<p>Con periodicidad anual, exactamente entre abril y mayo, viene organizada la MUESTRA DID\u00c1CTICA para profesores, donde hay la posibilidad de participar en las presentaciones y workshops de las diferentes casa editoriales nacionales y extranjeras.<\/p>\n<p>Todas las novedades de los \u00faltimos meses est\u00e1n expuestas para poder verlas y adquirirlas.<\/p>\n<p>Se ofrece un servicio de <a href=\"https:\/\/www.il-libro.it\/es\/newsletter\/\">NEWSLETTER<\/a> libre que proporcionan una<\/p>\n<p>informaci\u00f3n puntual y oportuna sobre las novedades editoriales, sobre las actividades sectoriales y las curiosidades del momento organizadas en la librer\u00eda o fuera de ella.<\/p>\n<p>Antes de efectuar un <a href=\"https:\/\/www.il-libro.it\/es\/preguntas-frecuentes\/\">ENCARGO<\/a>, se aconseja a la escuelas y profesores pedir un <a href=\"http:\/\/www.il-libro.it\/es\/contactos\/\">PRESUPUESTO<\/a>, para poder valorar la oferta de la librer\u00eda il libro.<\/p>\n<p>La librer\u00eda trabaja con bibliotecas, institutos sociales, escuelas p\u00fablicas y privadas, en Italia y en el extranjero; acepta cupones de libros y bonos de escuela..[\/vc_column_text][vc_empty_space height=\u00bb120px\u00bb][\/vc_column][\/vc_row]<\/p>\n","protected":false},"excerpt":{"rendered":"<p>[vc_row full_width=\u00bbstretch_row_content_no_spaces\u00bb][vc_column][vc_raw_html]JTNDc2VjdGlvbiUyMGNsYXNzJTNEJTIyaGVhZGVyLXBhZ2UlMjBibG9nLWhlYWRlci1ncmlkJTIyJTIwc3R5bGUlM0QlMjJiYWNrZ3JvdW5kLWltYWdlJTNBJTIwdXJsJTI4aHR0cHMlM0ElMkYlMkZzdGF0aWMucGV4ZWxzLmNvbSUyRnBob3RvcyUyRjI0Nzg5OSUyRnBleGVscy1waG90by0yNDc4OTkuanBlZyUyOSUyMiUzRSUwQSUwOSUzQ2RpdiUyMGNsYXNzJTNEJTIyY29udGFpbmVyJTIyJTNFJTBBJTA5JTA5JTNDc3BhbiUyMGNsYXNzJTNEJTIydGl0bGUtcGFnZSUyMiUzRUVzY3VlbGFzJTIwLSUyMFByb2Zlc29yZXMlM0MlMkZzcGFuJTNFJTBBJTA5JTNDJTJGZGl2JTNFJTBBJTNDJTJGc2VjdGlvbiUzRQ==[\/vc_raw_html][\/vc_column][\/vc_row][vc_row full_width=\u00bbstretch_row_content_no_spaces_content\u00bb][vc_column][vc_column_text]Desde hace 30 a\u00f1os la librer\u00eda il libro es el COMPA\u00d1ERO privilegiado de los PROFESORES DE LENGUA, disponiendo de una amplia gama de textos para el aprendizaje de lenguas. Nacida como librer\u00eda alemana, il libro, con el tiempo se ha desarrollado y especializado en el aprendizaje de diversas lenguas. Inicialmente las m\u00e1s cl\u00e1sicas,&hellip;<\/p>\n","protected":false},"author":3,"featured_media":0,"parent":0,"menu_order":0,"comment_status":"closed","ping_status":"closed","template":"","meta":[],"yoast_head":"<!-- This site is optimized with the Yoast SEO plugin v17.2.1 - https:\/\/yoast.com\/wordpress\/plugins\/seo\/ -->\n<title>ESCUELAS Y PROFESORES - Il Libro - Libreria Internazionale<\/title>\n<meta name=\"robots\" content=\"index, follow, max-snippet:-1, max-image-preview:large, max-video-preview:-1\" \/>\n<link rel=\"canonical\" href=\"https:\/\/www.il-libro.it\/es\/escuelas-y-profesores\/\" \/>\n<meta property=\"og:locale\" content=\"es_ES\" \/>\n<meta property=\"og:type\" content=\"article\" \/>\n<meta property=\"og:title\" content=\"ESCUELAS Y PROFESORES - Il Libro - Libreria Internazionale\" \/>\n<meta property=\"og:description\" content=\"[vc_row full_width=\u00bbstretch_row_content_no_spaces\u00bb][vc_column][vc_raw_html]JTNDc2VjdGlvbiUyMGNsYXNzJTNEJTIyaGVhZGVyLXBhZ2UlMjBibG9nLWhlYWRlci1ncmlkJTIyJTIwc3R5bGUlM0QlMjJiYWNrZ3JvdW5kLWltYWdlJTNBJTIwdXJsJTI4aHR0cHMlM0ElMkYlMkZzdGF0aWMucGV4ZWxzLmNvbSUyRnBob3RvcyUyRjI0Nzg5OSUyRnBleGVscy1waG90by0yNDc4OTkuanBlZyUyOSUyMiUzRSUwQSUwOSUzQ2RpdiUyMGNsYXNzJTNEJTIyY29udGFpbmVyJTIyJTNFJTBBJTA5JTA5JTNDc3BhbiUyMGNsYXNzJTNEJTIydGl0bGUtcGFnZSUyMiUzRUVzY3VlbGFzJTIwLSUyMFByb2Zlc29yZXMlM0MlMkZzcGFuJTNFJTBBJTA5JTNDJTJGZGl2JTNFJTBBJTNDJTJGc2VjdGlvbiUzRQ==[\/vc_raw_html][\/vc_column][\/vc_row][vc_row full_width=\u00bbstretch_row_content_no_spaces_content\u00bb][vc_column][vc_column_text]Desde hace 30 a\u00f1os la librer\u00eda il libro es el COMPA\u00d1ERO privilegiado de los PROFESORES DE LENGUA, disponiendo de una amplia gama de textos para el aprendizaje de lenguas. Nacida como librer\u00eda alemana, il libro, con el tiempo se ha desarrollado y especializado en el aprendizaje de diversas lenguas. Inicialmente las m\u00e1s cl\u00e1sicas,&hellip;\" \/>\n<meta property=\"og:url\" content=\"https:\/\/www.il-libro.it\/es\/escuelas-y-profesores\/\" \/>\n<meta property=\"og:site_name\" content=\"Il Libro - Libreria Internazionale\" \/>\n<meta property=\"article:publisher\" content=\"https:\/\/www.facebook.com\/IL-LIBRO-Libreria-Internazionale-2127680667458029\/?fref=ts\" \/>\n<meta property=\"article:modified_time\" content=\"2019-05-10T09:10:16+00:00\" \/>\n<meta name=\"twitter:card\" content=\"summary_large_image\" \/>\n<meta name=\"twitter:label1\" content=\"Tiempo de lectura\" \/>\n\t<meta name=\"twitter:data1\" content=\"2 minutos\" \/>\n<script type=\"application\/ld+json\" class=\"yoast-schema-graph\">{\"@context\":\"https:\/\/schema.org\",\"@graph\":[{\"@type\":\"Organization\",\"@id\":\"https:\/\/www.il-libro.it\/#organization\",\"name\":\"il libro libreria internazionale\",\"url\":\"https:\/\/www.il-libro.it\/\",\"sameAs\":[\"https:\/\/www.facebook.com\/IL-LIBRO-Libreria-Internazionale-2127680667458029\/?fref=ts\",\"https:\/\/www.instagram.com\/il.libro.internazionale\/\"],\"logo\":{\"@type\":\"ImageObject\",\"@id\":\"https:\/\/www.il-libro.it\/#logo\",\"inLanguage\":\"es\",\"url\":\"https:\/\/www.il-libro.it\/wp-content\/uploads\/2017\/03\/logo.png\",\"contentUrl\":\"https:\/\/www.il-libro.it\/wp-content\/uploads\/2017\/03\/logo.png\",\"width\":180,\"height\":90,\"caption\":\"il libro libreria internazionale\"},\"image\":{\"@id\":\"https:\/\/www.il-libro.it\/#logo\"}},{\"@type\":\"WebSite\",\"@id\":\"https:\/\/www.il-libro.it\/#website\",\"url\":\"https:\/\/www.il-libro.it\/\",\"name\":\"Il Libro - Libreria Internazionale\",\"description\":\"Benvenuti nella libreria internazionale\",\"publisher\":{\"@id\":\"https:\/\/www.il-libro.it\/#organization\"},\"potentialAction\":[{\"@type\":\"SearchAction\",\"target\":{\"@type\":\"EntryPoint\",\"urlTemplate\":\"https:\/\/www.il-libro.it\/?s={search_term_string}\"},\"query-input\":\"required name=search_term_string\"}],\"inLanguage\":\"es\"},{\"@type\":\"WebPage\",\"@id\":\"https:\/\/www.il-libro.it\/es\/escuelas-y-profesores\/#webpage\",\"url\":\"https:\/\/www.il-libro.it\/es\/escuelas-y-profesores\/\",\"name\":\"ESCUELAS Y PROFESORES - Il Libro - Libreria Internazionale\",\"isPartOf\":{\"@id\":\"https:\/\/www.il-libro.it\/#website\"},\"datePublished\":\"2019-01-23T14:01:09+00:00\",\"dateModified\":\"2019-05-10T09:10:16+00:00\",\"breadcrumb\":{\"@id\":\"https:\/\/www.il-libro.it\/es\/escuelas-y-profesores\/#breadcrumb\"},\"inLanguage\":\"es\",\"potentialAction\":[{\"@type\":\"ReadAction\",\"target\":[\"https:\/\/www.il-libro.it\/es\/escuelas-y-profesores\/\"]}]},{\"@type\":\"BreadcrumbList\",\"@id\":\"https:\/\/www.il-libro.it\/es\/escuelas-y-profesores\/#breadcrumb\",\"itemListElement\":[{\"@type\":\"ListItem\",\"position\":1,\"name\":\"Home\",\"item\":\"https:\/\/www.il-libro.it\/es\/\"},{\"@type\":\"ListItem\",\"position\":2,\"name\":\"ESCUELAS Y PROFESORES\"}]}]}<\/script>\n<!-- \/ Yoast SEO plugin. -->","yoast_head_json":{"title":"ESCUELAS Y PROFESORES - Il Libro - Libreria Internazionale","robots":{"index":"index","follow":"follow","max-snippet":"max-snippet:-1","max-image-preview":"max-image-preview:large","max-video-preview":"max-video-preview:-1"},"canonical":"https:\/\/www.il-libro.it\/es\/escuelas-y-profesores\/","og_locale":"es_ES","og_type":"article","og_title":"ESCUELAS Y PROFESORES - Il Libro - Libreria Internazionale","og_description":"[vc_row full_width=\u00bbstretch_row_content_no_spaces\u00bb][vc_column][vc_raw_html]JTNDc2VjdGlvbiUyMGNsYXNzJTNEJTIyaGVhZGVyLXBhZ2UlMjBibG9nLWhlYWRlci1ncmlkJTIyJTIwc3R5bGUlM0QlMjJiYWNrZ3JvdW5kLWltYWdlJTNBJTIwdXJsJTI4aHR0cHMlM0ElMkYlMkZzdGF0aWMucGV4ZWxzLmNvbSUyRnBob3RvcyUyRjI0Nzg5OSUyRnBleGVscy1waG90by0yNDc4OTkuanBlZyUyOSUyMiUzRSUwQSUwOSUzQ2RpdiUyMGNsYXNzJTNEJTIyY29udGFpbmVyJTIyJTNFJTBBJTA5JTA5JTNDc3BhbiUyMGNsYXNzJTNEJTIydGl0bGUtcGFnZSUyMiUzRUVzY3VlbGFzJTIwLSUyMFByb2Zlc29yZXMlM0MlMkZzcGFuJTNFJTBBJTA5JTNDJTJGZGl2JTNFJTBBJTNDJTJGc2VjdGlvbiUzRQ==[\/vc_raw_html][\/vc_column][\/vc_row][vc_row full_width=\u00bbstretch_row_content_no_spaces_content\u00bb][vc_column][vc_column_text]Desde hace 30 a\u00f1os la librer\u00eda il libro es el COMPA\u00d1ERO privilegiado de los PROFESORES DE LENGUA, disponiendo de una amplia gama de textos para el aprendizaje de lenguas. Nacida como librer\u00eda alemana, il libro, con el tiempo se ha desarrollado y especializado en el aprendizaje de diversas lenguas. Inicialmente las m\u00e1s cl\u00e1sicas,&hellip;","og_url":"https:\/\/www.il-libro.it\/es\/escuelas-y-profesores\/","og_site_name":"Il Libro - Libreria Internazionale","article_publisher":"https:\/\/www.facebook.com\/IL-LIBRO-Libreria-Internazionale-2127680667458029\/?fref=ts","article_modified_time":"2019-05-10T09:10:16+00:00","twitter_card":"summary_large_image","twitter_misc":{"Tiempo de lectura":"2 minutos"},"schema":{"@context":"https:\/\/schema.org","@graph":[{"@type":"Organization","@id":"https:\/\/www.il-libro.it\/#organization","name":"il libro libreria internazionale","url":"https:\/\/www.il-libro.it\/","sameAs":["https:\/\/www.facebook.com\/IL-LIBRO-Libreria-Internazionale-2127680667458029\/?fref=ts","https:\/\/www.instagram.com\/il.libro.internazionale\/"],"logo":{"@type":"ImageObject","@id":"https:\/\/www.il-libro.it\/#logo","inLanguage":"es","url":"https:\/\/www.il-libro.it\/wp-content\/uploads\/2017\/03\/logo.png","contentUrl":"https:\/\/www.il-libro.it\/wp-content\/uploads\/2017\/03\/logo.png","width":180,"height":90,"caption":"il libro libreria internazionale"},"image":{"@id":"https:\/\/www.il-libro.it\/#logo"}},{"@type":"WebSite","@id":"https:\/\/www.il-libro.it\/#website","url":"https:\/\/www.il-libro.it\/","name":"Il Libro - Libreria Internazionale","description":"Benvenuti nella libreria internazionale","publisher":{"@id":"https:\/\/www.il-libro.it\/#organization"},"potentialAction":[{"@type":"SearchAction","target":{"@type":"EntryPoint","urlTemplate":"https:\/\/www.il-libro.it\/?s={search_term_string}"},"query-input":"required name=search_term_string"}],"inLanguage":"es"},{"@type":"WebPage","@id":"https:\/\/www.il-libro.it\/es\/escuelas-y-profesores\/#webpage","url":"https:\/\/www.il-libro.it\/es\/escuelas-y-profesores\/","name":"ESCUELAS Y PROFESORES - Il Libro - Libreria Internazionale","isPartOf":{"@id":"https:\/\/www.il-libro.it\/#website"},"datePublished":"2019-01-23T14:01:09+00:00","dateModified":"2019-05-10T09:10:16+00:00","breadcrumb":{"@id":"https:\/\/www.il-libro.it\/es\/escuelas-y-profesores\/#breadcrumb"},"inLanguage":"es","potentialAction":[{"@type":"ReadAction","target":["https:\/\/www.il-libro.it\/es\/escuelas-y-profesores\/"]}]},{"@type":"BreadcrumbList","@id":"https:\/\/www.il-libro.it\/es\/escuelas-y-profesores\/#breadcrumb","itemListElement":[{"@type":"ListItem","position":1,"name":"Home","item":"https:\/\/www.il-libro.it\/es\/"},{"@type":"ListItem","position":2,"name":"ESCUELAS Y PROFESORES"}]}]}},"_links":{"self":[{"href":"https:\/\/www.il-libro.it\/es\/wp-json\/wp\/v2\/pages\/62064"}],"collection":[{"href":"https:\/\/www.il-libro.it\/es\/wp-json\/wp\/v2\/pages"}],"about":[{"href":"https:\/\/www.il-libro.it\/es\/wp-json\/wp\/v2\/types\/page"}],"author":[{"embeddable":true,"href":"https:\/\/www.il-libro.it\/es\/wp-json\/wp\/v2\/users\/3"}],"replies":[{"embeddable":true,"href":"https:\/\/www.il-libro.it\/es\/wp-json\/wp\/v2\/comments?post=62064"}],"version-history":[{"count":0,"href":"https:\/\/www.il-libro.it\/es\/wp-json\/wp\/v2\/pages\/62064\/revisions"}],"wp:attachment":[{"href":"https:\/\/www.il-libro.it\/es\/wp-json\/wp\/v2\/media?parent=62064"}],"curies":[{"name":"wp","href":"https:\/\/api.w.org\/{rel}","templated":true}]}}