{"id":18030,"date":"2017-04-05T10:56:27","date_gmt":"2017-04-05T10:56:27","guid":{"rendered":"http:\/\/www.il-libro.it\/distributore\/"},"modified":"2019-05-04T10:42:22","modified_gmt":"2019-05-04T08:42:22","slug":"distributeur","status":"publish","type":"page","link":"https:\/\/www.il-libro.it\/fr\/distributeur\/","title":{"rendered":"Distributeur"},"content":{"rendered":"<p>[vc_row full_width=\u00a0\u00bbstretch_row_content_no_spaces\u00a0\u00bb][vc_column][vc_raw_html]JTNDc2VjdGlvbiUyMGNsYXNzJTNEJTIyaGVhZGVyLXBhZ2UlMjBibG9nLWhlYWRlci1ncmlkJTIyJTIwc3R5bGUlM0QlMjJiYWNrZ3JvdW5kLWltYWdlJTNBJTIwdXJsJTI4aHR0cCUzQSUyRiUyRnd3dy5wcm9nZXR0b2xpYnJpLml0JTJGd3AtY29udGVudCUyRnVwbG9hZHMlMkYyMDEzJTJGMTAlMkZGb3RvbGlhXzc2MTQ0NzY2X0wuanBnJTI5JTIyJTNFJTBBJTA5JTNDZGl2JTIwY2xhc3MlM0QlMjJjb250YWluZXIlMjIlM0UlMEElMDklMDklM0NzcGFuJTIwY2xhc3MlM0QlMjJ0aXRsZS1wYWdlJTIyJTNFRGlzdHJpYnV0ZXVyJTNDJTJGc3BhbiUzRSUwQSUwOSUzQyUyRmRpdiUzRSUwQSUzQyUyRnNlY3Rpb24lM0U=[\/vc_raw_html][\/vc_column][\/vc_row][vc_row full_width=\u00a0\u00bbstretch_row_content_no_spaces_content\u00a0\u00bb css=\u00a0\u00bb.vc_custom_1508324062966{margin-bottom: 50px !important;}\u00a0\u00bb][vc_column][vc_column_text]<span lang=\"it-IT\">La librairie\u00a0<\/span><span lang=\"it-IT\"><strong>il libro<\/strong><\/span><span lang=\"it-IT\">,\u00a0<\/span><span lang=\"it-IT\">point de vente reconnu pour ses comp\u00e9tences dans le secteur<\/span><span lang=\"it-IT\"><strong>\u00a0Italien Pour Etrangers (IPS)<\/strong><\/span><span lang=\"it-IT\">, est devenue le partenaire de plusieurs maisons d\u2019\u00e9ditions sp\u00e9cialis\u00e9es dans ce secteur.<\/span><\/p>\n<p><span lang=\"it-IT\">Elle est aussi le\u00a0<\/span><span lang=\"it-IT\"><strong>DISTRIBUTEUR\u00a0<\/strong><\/span><span lang=\"it-IT\">officiel des maisons d\u2019\u00e9dition suivantes pour la r\u00e9gion de Milan\u00a0<\/span><span lang=\"it-IT\"><strong>:<\/strong><\/span>[\/vc_column_text][\/vc_column][\/vc_row][vc_row][vc_column width=\u00a0\u00bb1\/3&Prime;][vc_single_image image=\u00a0\u00bb2807&Prime; img_size=\u00a0\u00bbmedium\u00a0\u00bb alignment=\u00a0\u00bbcenter\u00a0\u00bb style=\u00a0\u00bbvc_box_rounded\u00a0\u00bb onclick=\u00a0\u00bbcustom_link\u00a0\u00bb img_link_target=\u00a0\u00bb_blank\u00a0\u00bb css_animation=\u00a0\u00bbfadeInUp\u00a0\u00bb link=\u00a0\u00bbhttps:\/\/www.felixverlag.it\/\u00a0\u00bb][\/vc_column][vc_column width=\u00a0\u00bb1\/3&Prime;][vc_single_image image=\u00a0\u00bb2813&Prime; img_size=\u00a0\u00bbmedium\u00a0\u00bb alignment=\u00a0\u00bbcenter\u00a0\u00bb style=\u00a0\u00bbvc_box_rounded\u00a0\u00bb onclick=\u00a0\u00bbcustom_link\u00a0\u00bb img_link_target=\u00a0\u00bb_blank\u00a0\u00bb css_animation=\u00a0\u00bbfadeInUp\u00a0\u00bb link=\u00a0\u00bbhttps:\/\/www.comune.modena.it\/memo\u00a0\u00bb][\/vc_column][vc_column width=\u00a0\u00bb1\/3&Prime;][vc_single_image image=\u00a0\u00bb2809&Prime; img_size=\u00a0\u00bbmedium\u00a0\u00bb alignment=\u00a0\u00bbcenter\u00a0\u00bb style=\u00a0\u00bbvc_box_rounded\u00a0\u00bb onclick=\u00a0\u00bbcustom_link\u00a0\u00bb img_link_target=\u00a0\u00bb_blank\u00a0\u00bb css_animation=\u00a0\u00bbfadeInUp\u00a0\u00bb link=\u00a0\u00bbhttp:\/\/www.sestanteedizioni.com\/new\/\u00a0\u00bb][\/vc_column][\/vc_row][vc_row][vc_column][vc_empty_space][\/vc_column][\/vc_row][vc_row][vc_column][vc_empty_space height=\u00a0\u00bb120px\u00a0\u00bb][\/vc_column][\/vc_row]<\/p>\n","protected":false},"excerpt":{"rendered":"<p>[vc_row full_width=\u00a0\u00bbstretch_row_content_no_spaces\u00a0\u00bb][vc_column][vc_raw_html]JTNDc2VjdGlvbiUyMGNsYXNzJTNEJTIyaGVhZGVyLXBhZ2UlMjBibG9nLWhlYWRlci1ncmlkJTIyJTIwc3R5bGUlM0QlMjJiYWNrZ3JvdW5kLWltYWdlJTNBJTIwdXJsJTI4aHR0cCUzQSUyRiUyRnd3dy5wcm9nZXR0b2xpYnJpLml0JTJGd3AtY29udGVudCUyRnVwbG9hZHMlMkYyMDEzJTJGMTAlMkZGb3RvbGlhXzc2MTQ0NzY2X0wuanBnJTI5JTIyJTNFJTBBJTA5JTNDZGl2JTIwY2xhc3MlM0QlMjJjb250YWluZXIlMjIlM0UlMEElMDklMDklM0NzcGFuJTIwY2xhc3MlM0QlMjJ0aXRsZS1wYWdlJTIyJTNFRGlzdHJpYnV0ZXVyJTNDJTJGc3BhbiUzRSUwQSUwOSUzQyUyRmRpdiUzRSUwQSUzQyUyRnNlY3Rpb24lM0U=[\/vc_raw_html][\/vc_column][\/vc_row][vc_row full_width=\u00a0\u00bbstretch_row_content_no_spaces_content\u00a0\u00bb css=\u00a0\u00bb.vc_custom_1508324062966{margin-bottom: 50px !important;}\u00a0\u00bb][vc_column][vc_column_text]La librairie\u00a0il libro,\u00a0point de vente reconnu pour ses comp\u00e9tences dans le secteur\u00a0Italien Pour Etrangers (IPS), est devenue le partenaire de plusieurs maisons d\u2019\u00e9ditions sp\u00e9cialis\u00e9es dans ce secteur. Elle est aussi le\u00a0DISTRIBUTEUR\u00a0officiel des maisons d\u2019\u00e9dition suivantes pour la r\u00e9gion de Milan\u00a0:[\/vc_column_text][\/vc_column][\/vc_row][vc_row][vc_column width=\u00a0\u00bb1\/3&Prime;][vc_single_image image=\u00a0\u00bb2807&Prime; img_size=\u00a0\u00bbmedium\u00a0\u00bb alignment=\u00a0\u00bbcenter\u00a0\u00bb style=\u00a0\u00bbvc_box_rounded\u00a0\u00bb onclick=\u00a0\u00bbcustom_link\u00a0\u00bb img_link_target=\u00a0\u00bb_blank\u00a0\u00bb css_animation=\u00a0\u00bbfadeInUp\u00a0\u00bb link=\u00a0\u00bbhttps:\/\/www.felixverlag.it\/\u00a0\u00bb][\/vc_column][vc_column width=\u00a0\u00bb1\/3&Prime;][vc_single_image&hellip;<\/p>\n","protected":false},"author":3,"featured_media":0,"parent":0,"menu_order":0,"comment_status":"closed","ping_status":"closed","template":"","meta":[],"yoast_head":"<!-- This site is optimized with the Yoast SEO plugin v17.2.1 - https:\/\/yoast.com\/wordpress\/plugins\/seo\/ -->\n<title>Distributeur - Il Libro - Libreria Internazionale<\/title>\n<meta name=\"robots\" content=\"index, follow, max-snippet:-1, max-image-preview:large, max-video-preview:-1\" \/>\n<link rel=\"canonical\" href=\"https:\/\/www.il-libro.it\/fr\/distributeur\/\" \/>\n<meta property=\"og:locale\" content=\"fr_FR\" \/>\n<meta property=\"og:type\" content=\"article\" \/>\n<meta property=\"og:title\" content=\"Distributeur - Il Libro - Libreria Internazionale\" \/>\n<meta property=\"og:description\" content=\"[vc_row full_width=\u00a0\u00bbstretch_row_content_no_spaces\u00a0\u00bb][vc_column][vc_raw_html]JTNDc2VjdGlvbiUyMGNsYXNzJTNEJTIyaGVhZGVyLXBhZ2UlMjBibG9nLWhlYWRlci1ncmlkJTIyJTIwc3R5bGUlM0QlMjJiYWNrZ3JvdW5kLWltYWdlJTNBJTIwdXJsJTI4aHR0cCUzQSUyRiUyRnd3dy5wcm9nZXR0b2xpYnJpLml0JTJGd3AtY29udGVudCUyRnVwbG9hZHMlMkYyMDEzJTJGMTAlMkZGb3RvbGlhXzc2MTQ0NzY2X0wuanBnJTI5JTIyJTNFJTBBJTA5JTNDZGl2JTIwY2xhc3MlM0QlMjJjb250YWluZXIlMjIlM0UlMEElMDklMDklM0NzcGFuJTIwY2xhc3MlM0QlMjJ0aXRsZS1wYWdlJTIyJTNFRGlzdHJpYnV0ZXVyJTNDJTJGc3BhbiUzRSUwQSUwOSUzQyUyRmRpdiUzRSUwQSUzQyUyRnNlY3Rpb24lM0U=[\/vc_raw_html][\/vc_column][\/vc_row][vc_row full_width=\u00a0\u00bbstretch_row_content_no_spaces_content\u00a0\u00bb css=\u00a0\u00bb.vc_custom_1508324062966{margin-bottom: 50px !important;}\u00a0\u00bb][vc_column][vc_column_text]La librairie\u00a0il libro,\u00a0point de vente reconnu pour ses comp\u00e9tences dans le secteur\u00a0Italien Pour Etrangers (IPS), est devenue le partenaire de plusieurs maisons d\u2019\u00e9ditions sp\u00e9cialis\u00e9es dans ce secteur. Elle est aussi le\u00a0DISTRIBUTEUR\u00a0officiel des maisons d\u2019\u00e9dition suivantes pour la r\u00e9gion de Milan\u00a0:[\/vc_column_text][\/vc_column][\/vc_row][vc_row][vc_column width=\u00a0\u00bb1\/3&Prime;][vc_single_image image=\u00a0\u00bb2807&Prime; img_size=\u00a0\u00bbmedium\u00a0\u00bb alignment=\u00a0\u00bbcenter\u00a0\u00bb style=\u00a0\u00bbvc_box_rounded\u00a0\u00bb onclick=\u00a0\u00bbcustom_link\u00a0\u00bb img_link_target=\u00a0\u00bb_blank\u00a0\u00bb css_animation=\u00a0\u00bbfadeInUp\u00a0\u00bb link=\u00a0\u00bbhttps:\/\/www.felixverlag.it\/\u00a0\u00bb][\/vc_column][vc_column width=\u00a0\u00bb1\/3&Prime;][vc_single_image&hellip;\" \/>\n<meta property=\"og:url\" content=\"https:\/\/www.il-libro.it\/fr\/distributeur\/\" \/>\n<meta property=\"og:site_name\" content=\"Il Libro - Libreria Internazionale\" \/>\n<meta property=\"article:publisher\" content=\"https:\/\/www.facebook.com\/IL-LIBRO-Libreria-Internazionale-2127680667458029\/?fref=ts\" \/>\n<meta property=\"article:modified_time\" content=\"2019-05-04T08:42:22+00:00\" \/>\n<meta name=\"twitter:card\" content=\"summary_large_image\" \/>\n<meta name=\"twitter:label1\" content=\"Dur\u00e9e de lecture estim\u00e9e\" \/>\n\t<meta name=\"twitter:data1\" content=\"1 minute\" \/>\n<script type=\"application\/ld+json\" class=\"yoast-schema-graph\">{\"@context\":\"https:\/\/schema.org\",\"@graph\":[{\"@type\":\"Organization\",\"@id\":\"https:\/\/www.il-libro.it\/#organization\",\"name\":\"il libro libreria internazionale\",\"url\":\"https:\/\/www.il-libro.it\/\",\"sameAs\":[\"https:\/\/www.facebook.com\/IL-LIBRO-Libreria-Internazionale-2127680667458029\/?fref=ts\",\"https:\/\/www.instagram.com\/il.libro.internazionale\/\"],\"logo\":{\"@type\":\"ImageObject\",\"@id\":\"https:\/\/www.il-libro.it\/#logo\",\"inLanguage\":\"fr-FR\",\"url\":\"https:\/\/www.il-libro.it\/wp-content\/uploads\/2017\/03\/logo.png\",\"contentUrl\":\"https:\/\/www.il-libro.it\/wp-content\/uploads\/2017\/03\/logo.png\",\"width\":180,\"height\":90,\"caption\":\"il libro libreria internazionale\"},\"image\":{\"@id\":\"https:\/\/www.il-libro.it\/#logo\"}},{\"@type\":\"WebSite\",\"@id\":\"https:\/\/www.il-libro.it\/#website\",\"url\":\"https:\/\/www.il-libro.it\/\",\"name\":\"Il Libro - Libreria Internazionale\",\"description\":\"Benvenuti nella libreria internazionale\",\"publisher\":{\"@id\":\"https:\/\/www.il-libro.it\/#organization\"},\"potentialAction\":[{\"@type\":\"SearchAction\",\"target\":{\"@type\":\"EntryPoint\",\"urlTemplate\":\"https:\/\/www.il-libro.it\/?s={search_term_string}\"},\"query-input\":\"required name=search_term_string\"}],\"inLanguage\":\"fr-FR\"},{\"@type\":\"WebPage\",\"@id\":\"https:\/\/www.il-libro.it\/fr\/distributeur\/#webpage\",\"url\":\"https:\/\/www.il-libro.it\/fr\/distributeur\/\",\"name\":\"Distributeur - Il Libro - Libreria Internazionale\",\"isPartOf\":{\"@id\":\"https:\/\/www.il-libro.it\/#website\"},\"datePublished\":\"2017-04-05T10:56:27+00:00\",\"dateModified\":\"2019-05-04T08:42:22+00:00\",\"breadcrumb\":{\"@id\":\"https:\/\/www.il-libro.it\/fr\/distributeur\/#breadcrumb\"},\"inLanguage\":\"fr-FR\",\"potentialAction\":[{\"@type\":\"ReadAction\",\"target\":[\"https:\/\/www.il-libro.it\/fr\/distributeur\/\"]}]},{\"@type\":\"BreadcrumbList\",\"@id\":\"https:\/\/www.il-libro.it\/fr\/distributeur\/#breadcrumb\",\"itemListElement\":[{\"@type\":\"ListItem\",\"position\":1,\"name\":\"Home\",\"item\":\"https:\/\/www.il-libro.it\/fr\/\"},{\"@type\":\"ListItem\",\"position\":2,\"name\":\"Distributeur\"}]}]}<\/script>\n<!-- \/ Yoast SEO plugin. -->","yoast_head_json":{"title":"Distributeur - Il Libro - Libreria Internazionale","robots":{"index":"index","follow":"follow","max-snippet":"max-snippet:-1","max-image-preview":"max-image-preview:large","max-video-preview":"max-video-preview:-1"},"canonical":"https:\/\/www.il-libro.it\/fr\/distributeur\/","og_locale":"fr_FR","og_type":"article","og_title":"Distributeur - Il Libro - Libreria Internazionale","og_description":"[vc_row full_width=\u00a0\u00bbstretch_row_content_no_spaces\u00a0\u00bb][vc_column][vc_raw_html]JTNDc2VjdGlvbiUyMGNsYXNzJTNEJTIyaGVhZGVyLXBhZ2UlMjBibG9nLWhlYWRlci1ncmlkJTIyJTIwc3R5bGUlM0QlMjJiYWNrZ3JvdW5kLWltYWdlJTNBJTIwdXJsJTI4aHR0cCUzQSUyRiUyRnd3dy5wcm9nZXR0b2xpYnJpLml0JTJGd3AtY29udGVudCUyRnVwbG9hZHMlMkYyMDEzJTJGMTAlMkZGb3RvbGlhXzc2MTQ0NzY2X0wuanBnJTI5JTIyJTNFJTBBJTA5JTNDZGl2JTIwY2xhc3MlM0QlMjJjb250YWluZXIlMjIlM0UlMEElMDklMDklM0NzcGFuJTIwY2xhc3MlM0QlMjJ0aXRsZS1wYWdlJTIyJTNFRGlzdHJpYnV0ZXVyJTNDJTJGc3BhbiUzRSUwQSUwOSUzQyUyRmRpdiUzRSUwQSUzQyUyRnNlY3Rpb24lM0U=[\/vc_raw_html][\/vc_column][\/vc_row][vc_row full_width=\u00a0\u00bbstretch_row_content_no_spaces_content\u00a0\u00bb css=\u00a0\u00bb.vc_custom_1508324062966{margin-bottom: 50px !important;}\u00a0\u00bb][vc_column][vc_column_text]La librairie\u00a0il libro,\u00a0point de vente reconnu pour ses comp\u00e9tences dans le secteur\u00a0Italien Pour Etrangers (IPS), est devenue le partenaire de plusieurs maisons d\u2019\u00e9ditions sp\u00e9cialis\u00e9es dans ce secteur. Elle est aussi le\u00a0DISTRIBUTEUR\u00a0officiel des maisons d\u2019\u00e9dition suivantes pour la r\u00e9gion de Milan\u00a0:[\/vc_column_text][\/vc_column][\/vc_row][vc_row][vc_column width=\u00a0\u00bb1\/3&Prime;][vc_single_image image=\u00a0\u00bb2807&Prime; img_size=\u00a0\u00bbmedium\u00a0\u00bb alignment=\u00a0\u00bbcenter\u00a0\u00bb style=\u00a0\u00bbvc_box_rounded\u00a0\u00bb onclick=\u00a0\u00bbcustom_link\u00a0\u00bb img_link_target=\u00a0\u00bb_blank\u00a0\u00bb css_animation=\u00a0\u00bbfadeInUp\u00a0\u00bb link=\u00a0\u00bbhttps:\/\/www.felixverlag.it\/\u00a0\u00bb][\/vc_column][vc_column width=\u00a0\u00bb1\/3&Prime;][vc_single_image&hellip;","og_url":"https:\/\/www.il-libro.it\/fr\/distributeur\/","og_site_name":"Il Libro - Libreria Internazionale","article_publisher":"https:\/\/www.facebook.com\/IL-LIBRO-Libreria-Internazionale-2127680667458029\/?fref=ts","article_modified_time":"2019-05-04T08:42:22+00:00","twitter_card":"summary_large_image","twitter_misc":{"Dur\u00e9e de lecture estim\u00e9e":"1 minute"},"schema":{"@context":"https:\/\/schema.org","@graph":[{"@type":"Organization","@id":"https:\/\/www.il-libro.it\/#organization","name":"il libro libreria internazionale","url":"https:\/\/www.il-libro.it\/","sameAs":["https:\/\/www.facebook.com\/IL-LIBRO-Libreria-Internazionale-2127680667458029\/?fref=ts","https:\/\/www.instagram.com\/il.libro.internazionale\/"],"logo":{"@type":"ImageObject","@id":"https:\/\/www.il-libro.it\/#logo","inLanguage":"fr-FR","url":"https:\/\/www.il-libro.it\/wp-content\/uploads\/2017\/03\/logo.png","contentUrl":"https:\/\/www.il-libro.it\/wp-content\/uploads\/2017\/03\/logo.png","width":180,"height":90,"caption":"il libro libreria internazionale"},"image":{"@id":"https:\/\/www.il-libro.it\/#logo"}},{"@type":"WebSite","@id":"https:\/\/www.il-libro.it\/#website","url":"https:\/\/www.il-libro.it\/","name":"Il Libro - Libreria Internazionale","description":"Benvenuti nella libreria internazionale","publisher":{"@id":"https:\/\/www.il-libro.it\/#organization"},"potentialAction":[{"@type":"SearchAction","target":{"@type":"EntryPoint","urlTemplate":"https:\/\/www.il-libro.it\/?s={search_term_string}"},"query-input":"required name=search_term_string"}],"inLanguage":"fr-FR"},{"@type":"WebPage","@id":"https:\/\/www.il-libro.it\/fr\/distributeur\/#webpage","url":"https:\/\/www.il-libro.it\/fr\/distributeur\/","name":"Distributeur - Il Libro - Libreria Internazionale","isPartOf":{"@id":"https:\/\/www.il-libro.it\/#website"},"datePublished":"2017-04-05T10:56:27+00:00","dateModified":"2019-05-04T08:42:22+00:00","breadcrumb":{"@id":"https:\/\/www.il-libro.it\/fr\/distributeur\/#breadcrumb"},"inLanguage":"fr-FR","potentialAction":[{"@type":"ReadAction","target":["https:\/\/www.il-libro.it\/fr\/distributeur\/"]}]},{"@type":"BreadcrumbList","@id":"https:\/\/www.il-libro.it\/fr\/distributeur\/#breadcrumb","itemListElement":[{"@type":"ListItem","position":1,"name":"Home","item":"https:\/\/www.il-libro.it\/fr\/"},{"@type":"ListItem","position":2,"name":"Distributeur"}]}]}},"_links":{"self":[{"href":"https:\/\/www.il-libro.it\/fr\/wp-json\/wp\/v2\/pages\/18030"}],"collection":[{"href":"https:\/\/www.il-libro.it\/fr\/wp-json\/wp\/v2\/pages"}],"about":[{"href":"https:\/\/www.il-libro.it\/fr\/wp-json\/wp\/v2\/types\/page"}],"author":[{"embeddable":true,"href":"https:\/\/www.il-libro.it\/fr\/wp-json\/wp\/v2\/users\/3"}],"replies":[{"embeddable":true,"href":"https:\/\/www.il-libro.it\/fr\/wp-json\/wp\/v2\/comments?post=18030"}],"version-history":[{"count":0,"href":"https:\/\/www.il-libro.it\/fr\/wp-json\/wp\/v2\/pages\/18030\/revisions"}],"wp:attachment":[{"href":"https:\/\/www.il-libro.it\/fr\/wp-json\/wp\/v2\/media?parent=18030"}],"curies":[{"name":"wp","href":"https:\/\/api.w.org\/{rel}","templated":true}]}}