{"id":18080,"date":"2017-04-05T10:27:47","date_gmt":"2017-04-05T10:27:47","guid":{"rendered":"http:\/\/www.il-libro.it\/scuole-insegnanti\/"},"modified":"2019-05-08T11:03:33","modified_gmt":"2019-05-08T09:03:33","slug":"scuole-insegnanti","status":"publish","type":"page","link":"https:\/\/www.il-libro.it\/fr\/scuole-insegnanti\/","title":{"rendered":"Ecole &#8211; Enseignants"},"content":{"rendered":"<p>[vc_row full_width=\u00a0\u00bbstretch_row_content_no_spaces\u00a0\u00bb][vc_column][vc_raw_html]JTNDc2VjdGlvbiUyMGNsYXNzJTNEJTIyaGVhZGVyLXBhZ2UlMjBibG9nLWhlYWRlci1ncmlkJTIyJTIwc3R5bGUlM0QlMjJiYWNrZ3JvdW5kLWltYWdlJTNBJTIwdXJsJTI4aHR0cHMlM0ElMkYlMkZzdGF0aWMucGV4ZWxzLmNvbSUyRnBob3RvcyUyRjI0Nzg5OSUyRnBleGVscy1waG90by0yNDc4OTkuanBlZyUyOSUyMiUzRSUwQSUwOSUzQ2RpdiUyMGNsYXNzJTNEJTIyY29udGFpbmVyJTIyJTNFJTBBJTA5JTA5JTNDc3BhbiUyMGNsYXNzJTNEJTIydGl0bGUtcGFnZSUyMiUzRUVDT0xFUyUyMC0lMjBFTlNFSUdOQU5UUyUzQyUyRnNwYW4lM0UlMEElMDklM0MlMkZkaXYlM0UlMEElM0MlMkZzZWN0aW9uJTNF[\/vc_raw_html][\/vc_column][\/vc_row][vc_row full_width=\u00a0\u00bbstretch_row_content_no_spaces_content\u00a0\u00bb][vc_column][vc_column_text]Depuis plus de 30 ans, nous sommes le partenaire privil\u00e9gi\u00e9 des enseignants de langues et disposons d\u2019une vaste gamme de mat\u00e9riel p\u00e9dagogique pour l\u2019apprentissage des langues \u00e9trang\u00e8res.<\/p>\n<p>Fond\u00e9e en tant que librairie allemande, <strong>il libro<\/strong> s\u2019est peu \u00e0 peu d\u00e9velopp\u00e9e et a confirm\u00e9 son r\u00f4le de sp\u00e9cialiste de l\u2019enseignement des langues \u00e9trang\u00e8res. Dans un premier temps, les langues europ\u00e9ennes les plus courantes se greff\u00e8rent au catalogue allemand de la librairie (anglais, espagnol, fran\u00e7ais, italien pour \u00e9trangers) puis d\u2019autres langues telles que le portugais, le russe, le chinois, l\u2019arabe, le polonais, etc. ont \u00e9galement \u00e9t\u00e9 int\u00e9gr\u00e9es \u00e0 l\u2019offre de la librairie.<\/p>\n<p>Notre catalogue propose un large choix d\u2019outils p\u00e9dagogiques pour l\u2019enseignement des langues \u00e9trang\u00e8res, pour tous les \u00e2ges et niveaux d\u2019apprentissage, qu\u2019il s\u2019agisse de manuels classiques ou d\u2019autoapprentissage.<\/p>\n<p>Des manuels dits d\u2019enseignement g\u00e9n\u00e9ral ou sp\u00e9cialis\u00e9 sont propos\u00e9s : ces derniers peuvent s\u2019orienter sur des niches professionnelles plus ou moins larges (commercial, marketing, m\u00e9dical, juridique, environnement etc&#8230;).<\/p>\n<p>Diverses disciplines sont \u00e9galement en rayon, qui permettent de diversifier l\u2019approche linguistique en classe : ouvrages sur la civilisation, l\u2019histoire de l\u2019art, la litt\u00e9rature, le cin\u00e9ma ou la cuisine.<\/p>\n<p>Enfin notre offre s\u2019ouvre sur une large gamme de mat\u00e9riel compl\u00e9mentaire:<\/p>\n<ul>\n<li>dictionnaires, monolingues et bilingues<\/li>\n<li>manuels centr\u00e9es sur une comp\u00e9tence (\u00e9crit, compr\u00e9hension \u00e9crite, oral, compr\u00e9hension orale) ou une difficult\u00e9 particuli\u00e8re (grammaire, vocabulaire, phon\u00e9tique)<\/li>\n<li>mat\u00e9riel de didactique \u00e0 l\u2019intention des enseignants<\/li>\n<li>jeux et jeux de r\u00f4le<\/li>\n<li>revues et journaux internationaux<\/li>\n<li>lectures simplifi\u00e9es, avec ou sans CD audio<\/li>\n<li>litt\u00e9rature en langue originale ou \u00e9trang\u00e8re<\/li>\n<li>livres bilingues<\/li>\n<\/ul>\n<p>Une fois par an, en avril puis en mai, rendez-vous est pris avec les enseignants pour la <a href=\"https:\/\/www.il-libro.it\/fr\/mostra-didattica-salon-de-la-didactique\/\">MOSTRA DIDATTICA<\/a> : c\u2019est pour eux l\u2019occasion de d\u00e9couvrir les nouveaut\u00e9s des diverses maisons d\u2019\u00e9dition italiennes et \u00e9trang\u00e8res, et de s\u2019inscrire \u00e0 des pr\u00e9sentations et workshops propos\u00e9s par les \u00e9diteurs.<\/p>\n<p>En tant qu\u2019enseignant, vous pouvez en outre vous inscrire \u00e0 notre <a href=\"https:\/\/www.il-libro.it\/fr\/newsletter\/\">NEWSLETTER<\/a> afin de recevoir de mani\u00e8re ponctuelle une lettre d\u2019information centr\u00e9e sur les nouveaut\u00e9s \u00e9ditoriales, les actualit\u00e9s sectorielles et les \u00e9v\u00e9nements organis\u00e9s dans la langue de votre choix par la librairie ou ses partenaires.<\/p>\n<p>Avant d\u2019effectuer une <a href=\"https:\/\/www.il-libro.it\/fr\/questions-frequentes\/\">COMMANDE<\/a>, les \u00e9coles et les enseignants peuvent nous faire parvenir une demande de devis, de mani\u00e8re \u00e0 pouvoir \u00e9valuer au mieux notre offre.<\/p>\n<p>Depuis nos d\u00e9buts, nous travaillons avec les biblioth\u00e8ques, les istituti civici, les \u00e9coles publiques et priv\u00e9es, en Italie et \u00e0 l\u2019\u00e9tranger.[\/vc_column_text][vc_empty_space height=\u00a0\u00bb120px\u00a0\u00bb][\/vc_column][\/vc_row]<\/p>\n","protected":false},"excerpt":{"rendered":"<p>[vc_row full_width=\u00a0\u00bbstretch_row_content_no_spaces\u00a0\u00bb][vc_column][vc_raw_html]JTNDc2VjdGlvbiUyMGNsYXNzJTNEJTIyaGVhZGVyLXBhZ2UlMjBibG9nLWhlYWRlci1ncmlkJTIyJTIwc3R5bGUlM0QlMjJiYWNrZ3JvdW5kLWltYWdlJTNBJTIwdXJsJTI4aHR0cHMlM0ElMkYlMkZzdGF0aWMucGV4ZWxzLmNvbSUyRnBob3RvcyUyRjI0Nzg5OSUyRnBleGVscy1waG90by0yNDc4OTkuanBlZyUyOSUyMiUzRSUwQSUwOSUzQ2RpdiUyMGNsYXNzJTNEJTIyY29udGFpbmVyJTIyJTNFJTBBJTA5JTA5JTNDc3BhbiUyMGNsYXNzJTNEJTIydGl0bGUtcGFnZSUyMiUzRUVDT0xFUyUyMC0lMjBFTlNFSUdOQU5UUyUzQyUyRnNwYW4lM0UlMEElMDklM0MlMkZkaXYlM0UlMEElM0MlMkZzZWN0aW9uJTNF[\/vc_raw_html][\/vc_column][\/vc_row][vc_row full_width=\u00a0\u00bbstretch_row_content_no_spaces_content\u00a0\u00bb][vc_column][vc_column_text]Depuis plus de 30 ans, nous sommes le partenaire privil\u00e9gi\u00e9 des enseignants de langues et disposons d\u2019une vaste gamme de mat\u00e9riel p\u00e9dagogique pour l\u2019apprentissage des langues \u00e9trang\u00e8res. Fond\u00e9e en tant que librairie allemande, il libro s\u2019est peu \u00e0 peu d\u00e9velopp\u00e9e et a confirm\u00e9 son r\u00f4le de sp\u00e9cialiste de l\u2019enseignement des langues \u00e9trang\u00e8res. Dans&hellip;<\/p>\n","protected":false},"author":3,"featured_media":0,"parent":0,"menu_order":0,"comment_status":"closed","ping_status":"closed","template":"","meta":[],"yoast_head":"<!-- This site is optimized with the Yoast SEO plugin v17.2.1 - https:\/\/yoast.com\/wordpress\/plugins\/seo\/ -->\n<title>Ecole - Enseignants - Il Libro - Libreria Internazionale<\/title>\n<meta name=\"robots\" content=\"index, follow, max-snippet:-1, max-image-preview:large, max-video-preview:-1\" \/>\n<link rel=\"canonical\" href=\"https:\/\/www.il-libro.it\/fr\/scuole-insegnanti\/\" \/>\n<meta property=\"og:locale\" content=\"fr_FR\" \/>\n<meta property=\"og:type\" content=\"article\" \/>\n<meta property=\"og:title\" content=\"Ecole - Enseignants - Il Libro - Libreria Internazionale\" \/>\n<meta property=\"og:description\" content=\"[vc_row full_width=\u00a0\u00bbstretch_row_content_no_spaces\u00a0\u00bb][vc_column][vc_raw_html]JTNDc2VjdGlvbiUyMGNsYXNzJTNEJTIyaGVhZGVyLXBhZ2UlMjBibG9nLWhlYWRlci1ncmlkJTIyJTIwc3R5bGUlM0QlMjJiYWNrZ3JvdW5kLWltYWdlJTNBJTIwdXJsJTI4aHR0cHMlM0ElMkYlMkZzdGF0aWMucGV4ZWxzLmNvbSUyRnBob3RvcyUyRjI0Nzg5OSUyRnBleGVscy1waG90by0yNDc4OTkuanBlZyUyOSUyMiUzRSUwQSUwOSUzQ2RpdiUyMGNsYXNzJTNEJTIyY29udGFpbmVyJTIyJTNFJTBBJTA5JTA5JTNDc3BhbiUyMGNsYXNzJTNEJTIydGl0bGUtcGFnZSUyMiUzRUVDT0xFUyUyMC0lMjBFTlNFSUdOQU5UUyUzQyUyRnNwYW4lM0UlMEElMDklM0MlMkZkaXYlM0UlMEElM0MlMkZzZWN0aW9uJTNF[\/vc_raw_html][\/vc_column][\/vc_row][vc_row full_width=\u00a0\u00bbstretch_row_content_no_spaces_content\u00a0\u00bb][vc_column][vc_column_text]Depuis plus de 30 ans, nous sommes le partenaire privil\u00e9gi\u00e9 des enseignants de langues et disposons d\u2019une vaste gamme de mat\u00e9riel p\u00e9dagogique pour l\u2019apprentissage des langues \u00e9trang\u00e8res. Fond\u00e9e en tant que librairie allemande, il libro s\u2019est peu \u00e0 peu d\u00e9velopp\u00e9e et a confirm\u00e9 son r\u00f4le de sp\u00e9cialiste de l\u2019enseignement des langues \u00e9trang\u00e8res. Dans&hellip;\" \/>\n<meta property=\"og:url\" content=\"https:\/\/www.il-libro.it\/fr\/scuole-insegnanti\/\" \/>\n<meta property=\"og:site_name\" content=\"Il Libro - Libreria Internazionale\" \/>\n<meta property=\"article:publisher\" content=\"https:\/\/www.facebook.com\/IL-LIBRO-Libreria-Internazionale-2127680667458029\/?fref=ts\" \/>\n<meta property=\"article:modified_time\" content=\"2019-05-08T09:03:33+00:00\" \/>\n<meta name=\"twitter:card\" content=\"summary_large_image\" \/>\n<meta name=\"twitter:label1\" content=\"Dur\u00e9e de lecture estim\u00e9e\" \/>\n\t<meta name=\"twitter:data1\" content=\"3 minutes\" \/>\n<script type=\"application\/ld+json\" class=\"yoast-schema-graph\">{\"@context\":\"https:\/\/schema.org\",\"@graph\":[{\"@type\":\"Organization\",\"@id\":\"https:\/\/www.il-libro.it\/#organization\",\"name\":\"il libro libreria internazionale\",\"url\":\"https:\/\/www.il-libro.it\/\",\"sameAs\":[\"https:\/\/www.facebook.com\/IL-LIBRO-Libreria-Internazionale-2127680667458029\/?fref=ts\",\"https:\/\/www.instagram.com\/il.libro.internazionale\/\"],\"logo\":{\"@type\":\"ImageObject\",\"@id\":\"https:\/\/www.il-libro.it\/#logo\",\"inLanguage\":\"fr-FR\",\"url\":\"https:\/\/www.il-libro.it\/wp-content\/uploads\/2017\/03\/logo.png\",\"contentUrl\":\"https:\/\/www.il-libro.it\/wp-content\/uploads\/2017\/03\/logo.png\",\"width\":180,\"height\":90,\"caption\":\"il libro libreria internazionale\"},\"image\":{\"@id\":\"https:\/\/www.il-libro.it\/#logo\"}},{\"@type\":\"WebSite\",\"@id\":\"https:\/\/www.il-libro.it\/#website\",\"url\":\"https:\/\/www.il-libro.it\/\",\"name\":\"Il Libro - Libreria Internazionale\",\"description\":\"Benvenuti nella libreria internazionale\",\"publisher\":{\"@id\":\"https:\/\/www.il-libro.it\/#organization\"},\"potentialAction\":[{\"@type\":\"SearchAction\",\"target\":{\"@type\":\"EntryPoint\",\"urlTemplate\":\"https:\/\/www.il-libro.it\/?s={search_term_string}\"},\"query-input\":\"required name=search_term_string\"}],\"inLanguage\":\"fr-FR\"},{\"@type\":\"WebPage\",\"@id\":\"https:\/\/www.il-libro.it\/fr\/scuole-insegnanti\/#webpage\",\"url\":\"https:\/\/www.il-libro.it\/fr\/scuole-insegnanti\/\",\"name\":\"Ecole - Enseignants - Il Libro - Libreria Internazionale\",\"isPartOf\":{\"@id\":\"https:\/\/www.il-libro.it\/#website\"},\"datePublished\":\"2017-04-05T10:27:47+00:00\",\"dateModified\":\"2019-05-08T09:03:33+00:00\",\"breadcrumb\":{\"@id\":\"https:\/\/www.il-libro.it\/fr\/scuole-insegnanti\/#breadcrumb\"},\"inLanguage\":\"fr-FR\",\"potentialAction\":[{\"@type\":\"ReadAction\",\"target\":[\"https:\/\/www.il-libro.it\/fr\/scuole-insegnanti\/\"]}]},{\"@type\":\"BreadcrumbList\",\"@id\":\"https:\/\/www.il-libro.it\/fr\/scuole-insegnanti\/#breadcrumb\",\"itemListElement\":[{\"@type\":\"ListItem\",\"position\":1,\"name\":\"Home\",\"item\":\"https:\/\/www.il-libro.it\/fr\/\"},{\"@type\":\"ListItem\",\"position\":2,\"name\":\"Ecole &#8211; Enseignants\"}]}]}<\/script>\n<!-- \/ Yoast SEO plugin. -->","yoast_head_json":{"title":"Ecole - Enseignants - Il Libro - Libreria Internazionale","robots":{"index":"index","follow":"follow","max-snippet":"max-snippet:-1","max-image-preview":"max-image-preview:large","max-video-preview":"max-video-preview:-1"},"canonical":"https:\/\/www.il-libro.it\/fr\/scuole-insegnanti\/","og_locale":"fr_FR","og_type":"article","og_title":"Ecole - Enseignants - Il Libro - Libreria Internazionale","og_description":"[vc_row full_width=\u00a0\u00bbstretch_row_content_no_spaces\u00a0\u00bb][vc_column][vc_raw_html]JTNDc2VjdGlvbiUyMGNsYXNzJTNEJTIyaGVhZGVyLXBhZ2UlMjBibG9nLWhlYWRlci1ncmlkJTIyJTIwc3R5bGUlM0QlMjJiYWNrZ3JvdW5kLWltYWdlJTNBJTIwdXJsJTI4aHR0cHMlM0ElMkYlMkZzdGF0aWMucGV4ZWxzLmNvbSUyRnBob3RvcyUyRjI0Nzg5OSUyRnBleGVscy1waG90by0yNDc4OTkuanBlZyUyOSUyMiUzRSUwQSUwOSUzQ2RpdiUyMGNsYXNzJTNEJTIyY29udGFpbmVyJTIyJTNFJTBBJTA5JTA5JTNDc3BhbiUyMGNsYXNzJTNEJTIydGl0bGUtcGFnZSUyMiUzRUVDT0xFUyUyMC0lMjBFTlNFSUdOQU5UUyUzQyUyRnNwYW4lM0UlMEElMDklM0MlMkZkaXYlM0UlMEElM0MlMkZzZWN0aW9uJTNF[\/vc_raw_html][\/vc_column][\/vc_row][vc_row full_width=\u00a0\u00bbstretch_row_content_no_spaces_content\u00a0\u00bb][vc_column][vc_column_text]Depuis plus de 30 ans, nous sommes le partenaire privil\u00e9gi\u00e9 des enseignants de langues et disposons d\u2019une vaste gamme de mat\u00e9riel p\u00e9dagogique pour l\u2019apprentissage des langues \u00e9trang\u00e8res. Fond\u00e9e en tant que librairie allemande, il libro s\u2019est peu \u00e0 peu d\u00e9velopp\u00e9e et a confirm\u00e9 son r\u00f4le de sp\u00e9cialiste de l\u2019enseignement des langues \u00e9trang\u00e8res. Dans&hellip;","og_url":"https:\/\/www.il-libro.it\/fr\/scuole-insegnanti\/","og_site_name":"Il Libro - Libreria Internazionale","article_publisher":"https:\/\/www.facebook.com\/IL-LIBRO-Libreria-Internazionale-2127680667458029\/?fref=ts","article_modified_time":"2019-05-08T09:03:33+00:00","twitter_card":"summary_large_image","twitter_misc":{"Dur\u00e9e de lecture estim\u00e9e":"3 minutes"},"schema":{"@context":"https:\/\/schema.org","@graph":[{"@type":"Organization","@id":"https:\/\/www.il-libro.it\/#organization","name":"il libro libreria internazionale","url":"https:\/\/www.il-libro.it\/","sameAs":["https:\/\/www.facebook.com\/IL-LIBRO-Libreria-Internazionale-2127680667458029\/?fref=ts","https:\/\/www.instagram.com\/il.libro.internazionale\/"],"logo":{"@type":"ImageObject","@id":"https:\/\/www.il-libro.it\/#logo","inLanguage":"fr-FR","url":"https:\/\/www.il-libro.it\/wp-content\/uploads\/2017\/03\/logo.png","contentUrl":"https:\/\/www.il-libro.it\/wp-content\/uploads\/2017\/03\/logo.png","width":180,"height":90,"caption":"il libro libreria internazionale"},"image":{"@id":"https:\/\/www.il-libro.it\/#logo"}},{"@type":"WebSite","@id":"https:\/\/www.il-libro.it\/#website","url":"https:\/\/www.il-libro.it\/","name":"Il Libro - Libreria Internazionale","description":"Benvenuti nella libreria internazionale","publisher":{"@id":"https:\/\/www.il-libro.it\/#organization"},"potentialAction":[{"@type":"SearchAction","target":{"@type":"EntryPoint","urlTemplate":"https:\/\/www.il-libro.it\/?s={search_term_string}"},"query-input":"required name=search_term_string"}],"inLanguage":"fr-FR"},{"@type":"WebPage","@id":"https:\/\/www.il-libro.it\/fr\/scuole-insegnanti\/#webpage","url":"https:\/\/www.il-libro.it\/fr\/scuole-insegnanti\/","name":"Ecole - Enseignants - Il Libro - Libreria Internazionale","isPartOf":{"@id":"https:\/\/www.il-libro.it\/#website"},"datePublished":"2017-04-05T10:27:47+00:00","dateModified":"2019-05-08T09:03:33+00:00","breadcrumb":{"@id":"https:\/\/www.il-libro.it\/fr\/scuole-insegnanti\/#breadcrumb"},"inLanguage":"fr-FR","potentialAction":[{"@type":"ReadAction","target":["https:\/\/www.il-libro.it\/fr\/scuole-insegnanti\/"]}]},{"@type":"BreadcrumbList","@id":"https:\/\/www.il-libro.it\/fr\/scuole-insegnanti\/#breadcrumb","itemListElement":[{"@type":"ListItem","position":1,"name":"Home","item":"https:\/\/www.il-libro.it\/fr\/"},{"@type":"ListItem","position":2,"name":"Ecole &#8211; Enseignants"}]}]}},"_links":{"self":[{"href":"https:\/\/www.il-libro.it\/fr\/wp-json\/wp\/v2\/pages\/18080"}],"collection":[{"href":"https:\/\/www.il-libro.it\/fr\/wp-json\/wp\/v2\/pages"}],"about":[{"href":"https:\/\/www.il-libro.it\/fr\/wp-json\/wp\/v2\/types\/page"}],"author":[{"embeddable":true,"href":"https:\/\/www.il-libro.it\/fr\/wp-json\/wp\/v2\/users\/3"}],"replies":[{"embeddable":true,"href":"https:\/\/www.il-libro.it\/fr\/wp-json\/wp\/v2\/comments?post=18080"}],"version-history":[{"count":0,"href":"https:\/\/www.il-libro.it\/fr\/wp-json\/wp\/v2\/pages\/18080\/revisions"}],"wp:attachment":[{"href":"https:\/\/www.il-libro.it\/fr\/wp-json\/wp\/v2\/media?parent=18080"}],"curies":[{"name":"wp","href":"https:\/\/api.w.org\/{rel}","templated":true}]}}